{"id":7385,"date":"2018-08-24T21:49:07","date_gmt":"2018-08-24T19:49:07","guid":{"rendered":"https:\/\/www.travelwithamission.org\/?page_id=7385"},"modified":"2018-08-24T21:49:07","modified_gmt":"2018-08-24T19:49:07","slug":"journees-de-sensibilisation","status":"publish","type":"page","link":"https:\/\/www.travelwithamission.org\/en\/journees-de-sensibilisation\/","title":{"rendered":"JOURN\u00c9ES DE SENSIBILISATION"},"content":{"rendered":"<style type=\"text\/css\"><\/style>[cmsmasters_row data_padding_bottom=\u00a0\u00bb400&Prime; data_padding_top=\u00a0\u00bb400&Prime; data_bg_size=\u00a0\u00bbcover\u00a0\u00bb data_bg_attachment=\u00a0\u00bbscroll\u00a0\u00bb data_bg_repeat=\u00a0\u00bbno-repeat\u00a0\u00bb data_bg_position=\u00a0\u00bbtop center\u00a0\u00bb data_bg_img=\u00a0\u00bb7371|https:\/\/www.travelwithamission.org\/wp-content\/uploads\/sites\/3\/2018\/08\/planete-300&#215;225.jpg|medium\u00a0\u00bb data_bg_color=\u00a0\u00bb#ffffff\u00a0\u00bb data_color=\u00a0\u00bbdefault\u00a0\u00bb data_bot_style=\u00a0\u00bbdefault\u00a0\u00bb data_top_style=\u00a0\u00bbdefault\u00a0\u00bb data_width=\u00a0\u00bbboxed\u00a0\u00bb][cmsmasters_column data_width=\u00a0\u00bb1\/1&Prime;][cmsmasters_heading type=\u00a0\u00bbh1&Prime; font_size=\u00a0\u00bb70&Prime; line_height=\u00a0\u00bb100&Prime; tablet_check=\u00a0\u00bbtrue\u00a0\u00bb tablet_font_size=\u00a0\u00bb52&Prime; font_weight=\u00a0\u00bb300&Prime; font_style=\u00a0\u00bbnormal\u00a0\u00bb text_align=\u00a0\u00bbcenter\u00a0\u00bb color=\u00a0\u00bb#f7f7f7&Prime; bg_color=\u00a0\u00bb#0f0f0f\u00a0\u00bb margin_top=\u00a0\u00bb0&Prime; margin_bottom=\u00a0\u00bb0&Prime; animation_delay=\u00a0\u00bb0&Prime;]JOURN\u00c9ES DE SENSIBILISATION[\/cmsmasters_heading][\/cmsmasters_column][\/cmsmasters_row][cmsmasters_row data_width=\u00a0\u00bbboxed\u00a0\u00bb data_top_style=\u00a0\u00bbdefault\u00a0\u00bb data_bot_style=\u00a0\u00bbdefault\u00a0\u00bb data_color=\u00a0\u00bbdefault\u00a0\u00bb data_padding_top=\u00a0\u00bb30&Prime; data_padding_bottom=\u00a0\u00bb30&Prime;][cmsmasters_column data_width=\u00a0\u00bb1\/1&Prime;][cmsmasters_text animation_delay=\u00a0\u00bb0&Prime;]<\/p>\n<h4 style=\"text-align: center;\"><strong><em>Des journ\u00e9es m\u00ealant amusement et sensibilisation !<br \/>\n<\/em><\/strong><\/h4>\n<h4 style=\"text-align: center;\"><\/h4>\n<p>[\/cmsmasters_text][\/cmsmasters_column][\/cmsmasters_row][cmsmasters_row data_padding_bottom=\u00a0\u00bb10&Prime; data_padding_top=\u00a0\u00bb20&Prime; data_bg_color=\u00a0\u00bb#ffffff\u00a0\u00bb data_color=\u00a0\u00bbdefault\u00a0\u00bb data_bot_style=\u00a0\u00bbdefault\u00a0\u00bb data_top_style=\u00a0\u00bbdefault\u00a0\u00bb data_width=\u00a0\u00bbboxed\u00a0\u00bb][cmsmasters_column data_width=\u00a0\u00bb1\/2&Prime;]<\/p>\n<p>[cmsmasters_divider width=\u00a0\u00bblong\u00a0\u00bb height=\u00a0\u00bb0&Prime; style=\u00a0\u00bbsolid\u00a0\u00bb position=\u00a0\u00bbcenter\u00a0\u00bb margin_top=\u00a0\u00bb20&Prime; animation_delay=\u00a0\u00bb0&Prime;]<\/p>\n<p>[cmsmasters_text animation_delay=\u00a0\u00bb0&Prime;]<\/p>\n<p>[cmsmasters_dropcap type=\u00a0\u00bbtype1&Prime;]TWAM[\/cmsmasters_dropcap] propose aux \u00e9coles, coll\u00e8ges, lyc\u00e9es ou centres culturels l\u2019organisation de journ\u00e9es \u00e0 th\u00e8mes favorisant la sensibilisation sur des th\u00e9matiques d\u2019int\u00e9r\u00eat g\u00e9n\u00e9ral. Ces journ\u00e9es sont organis\u00e9es sous forme d\u2019ateliers pouvant int\u00e9grer jeux de r\u00f4les, quiz, conf\u00e9rences interactives, etc.<\/p>\n<p>Au d\u00e9but de chaque journ\u00e9e, vos \u00e9l\u00e8ves\/\u00e9tudiants\/membres sont r\u00e9partis en groupe tournant sur les diff\u00e9rents ateliers.<\/p>\n<p>Les journ\u00e9es de sensibilisation commencent g\u00e9n\u00e9ralement \u00e0 9h00 du matin pour se terminer \u00e0 16h30 ou 17h00 selon le souhait des structures d\u2019accueil.<\/p>\n<p>Le nombre d\u2019ateliers varie selon le nombre d\u2019individus participant et selon le type de journ\u00e9e souhait\u00e9e. En r\u00e8gle g\u00e9n\u00e9rale, 3, 4 ou 5 ateliers sont organis\u00e9s.<\/p>\n<p>Les journ\u00e9es propos\u00e9es sont les suivantes :<\/p>\n<p>[\/cmsmasters_text][\/cmsmasters_column][cmsmasters_column data_width=\u00a0\u00bb1\/2&Prime;][cmsmasters_gallery layout=\u00a0\u00bbhover\u00a0\u00bb animation_delay=\u00a0\u00bb0&Prime;]7292|https:\/\/www.travelwithamission.org\/wp-content\/uploads\/sites\/3\/2018\/08\/IMG_6456-150&#215;150.png,7381|https:\/\/www.travelwithamission.org\/wp-content\/uploads\/sites\/3\/2018\/08\/H-handicap-150&#215;150.jpg,7382|https:\/\/www.travelwithamission.org\/wp-content\/uploads\/sites\/3\/2018\/08\/journ\u00e9e-des-d\u00e9fis-plan\u00e9taires-150&#215;150.jpg,7380|https:\/\/www.travelwithamission.org\/wp-content\/uploads\/sites\/3\/2018\/08\/handicap2-150&#215;150.jpg,7379|https:\/\/www.travelwithamission.org\/wp-content\/uploads\/sites\/3\/2018\/08\/expliquer-150&#215;150.jpg,7375|https:\/\/www.travelwithamission.org\/wp-content\/uploads\/sites\/3\/2018\/08\/divers-150&#215;150.jpg,7364|https:\/\/www.travelwithamission.org\/wp-content\/uploads\/sites\/3\/2018\/08\/p13-1-2-action-recyclage-150&#215;150.jpg,7373|https:\/\/www.travelwithamission.org\/wp-content\/uploads\/sites\/3\/2018\/08\/tarif-1-2-150&#215;150.jpg[\/cmsmasters_gallery][\/cmsmasters_column][\/cmsmasters_row][cmsmasters_row data_width=\u00a0\u00bbboxed\u00a0\u00bb data_padding_left=\u00a0\u00bb3&Prime; data_padding_right=\u00a0\u00bb3&Prime; data_top_style=\u00a0\u00bbdefault\u00a0\u00bb data_bot_style=\u00a0\u00bbdefault\u00a0\u00bb data_color=\u00a0\u00bbdefault\u00a0\u00bb data_bg_position=\u00a0\u00bbtop center\u00a0\u00bb data_bg_repeat=\u00a0\u00bbno-repeat\u00a0\u00bb data_bg_attachment=\u00a0\u00bbscroll\u00a0\u00bb data_bg_size=\u00a0\u00bbcover\u00a0\u00bb data_bg_parallax_ratio=\u00a0\u00bb0.5&Prime; data_padding_top=\u00a0\u00bb0&Prime; data_padding_bottom=\u00a0\u00bb50&Prime;][cmsmasters_column data_width=\u00a0\u00bb1\/4&Prime;][cmsmasters_icon_box box_type=\u00a0\u00bbcmsmasters_icon_box_top\u00a0\u00bb title=\u00a0\u00bbJourn\u00e9e de la d\u00e9couverte des croyances et la\u00efcit\u00e9\u00a0\u00bb heading_type=\u00a0\u00bbh4&Prime; box_icon_type=\u00a0\u00bbicon\u00a0\u00bb box_icon=\u00a0\u00bbcmsmasters-icon-thumbs-up-3&Prime; box_icon_size=\u00a0\u00bb30&Prime; box_icon_space=\u00a0\u00bb50&Prime; box_icon_border_width=\u00a0\u00bb0&Prime; box_icon_border_radius=\u00a0\u00bb50%\u00a0\u00bb box_icon_color=\u00a0\u00bb#fcfcfc\u00a0\u00bb box_icon_bg_color=\u00a0\u00bb#270ca0&Prime; box_icon_bd_color=\u00a0\u00bb#fcfcfc\u00a0\u00bb box_border_width=\u00a0\u00bb2&Prime; box_border_radius=\u00a0\u00bb 10px; -webkit-border-radius: 10px; -moz-border-radius: 10px;\u00a0\u00bb box_bg_color=\u00a0\u00bb#f2f2f2&Prime; box_bd_color=\u00a0\u00bb#0c399b\u00a0\u00bb button_show=\u00a0\u00bbtrue\u00a0\u00bb button_title=\u00a0\u00bbEn savoir plus\u00a0\u00bb button_target=\u00a0\u00bbself\u00a0\u00bb button_font_weight=\u00a0\u00bbnormal\u00a0\u00bb button_font_style=\u00a0\u00bbnormal\u00a0\u00bb button_border_style=\u00a0\u00bbsolid\u00a0\u00bb animation_delay=\u00a0\u00bb0&Prime;]<\/p>\n<p>Pour comprendre et int\u00e9grer la la\u00efcit\u00e9, il faut avoir une id\u00e9e claire des grandes croyances existant \u00e0 travers le monde. Des ateliers sont propos\u00e9s pour mieux int\u00e9grer le concept de la\u00efcit\u00e9.<\/p>\n<p>[\/cmsmasters_icon_box][\/cmsmasters_column][cmsmasters_column data_width=\u00a0\u00bb1\/4&Prime;][cmsmasters_icon_box box_type=\u00a0\u00bbcmsmasters_icon_box_top\u00a0\u00bb title=\u00a0\u00bbJourn\u00e9es de l\u2032entreprenariat\u00a0\u00bb heading_type=\u00a0\u00bbh4&Prime; box_icon_type=\u00a0\u00bbicon\u00a0\u00bb box_icon=\u00a0\u00bbcmsmasters-icon-thumbs-up-3&Prime; box_icon_size=\u00a0\u00bb30&Prime; box_icon_space=\u00a0\u00bb50&Prime; box_icon_border_width=\u00a0\u00bb0&Prime; box_icon_border_radius=\u00a0\u00bb50%\u00a0\u00bb box_icon_color=\u00a0\u00bb#fcfcfc\u00a0\u00bb box_icon_bg_color=\u00a0\u00bb#270ca0&Prime; box_icon_bd_color=\u00a0\u00bb#fcfcfc\u00a0\u00bb box_border_width=\u00a0\u00bb2&Prime; box_border_radius=\u00a0\u00bb 10px; -webkit-border-radius: 10px; -moz-border-radius: 10px;\u00a0\u00bb box_bg_color=\u00a0\u00bb#f2f2f2&Prime; box_bd_color=\u00a0\u00bb#0c399b\u00a0\u00bb button_show=\u00a0\u00bbtrue\u00a0\u00bb button_title=\u00a0\u00bbEn savoir plus\u00a0\u00bb button_target=\u00a0\u00bbself\u00a0\u00bb button_font_weight=\u00a0\u00bbnormal\u00a0\u00bb button_font_style=\u00a0\u00bbnormal\u00a0\u00bb button_border_style=\u00a0\u00bbsolid\u00a0\u00bb animation_delay=\u00a0\u00bb0&Prime;]<\/p>\n<p>L\u2019entreprenariat est une valeur forte \u00e0 v\u00e9hiculer chez nos jeunes. Leur apprendre comment penser diff\u00e9remment, plus loin, aller hors des sentiers battus. Une journ\u00e9e int\u00e9grant plusieurs ateliers qui les encouragera \u00e0 int\u00e9grer cette notion.<\/p>\n<p>[\/cmsmasters_icon_box][\/cmsmasters_column][cmsmasters_column data_width=\u00a0\u00bb1\/4&Prime;][cmsmasters_icon_box box_type=\u00a0\u00bbcmsmasters_icon_box_top\u00a0\u00bb title=\u00a0\u00bbJourn\u00e9e de la sant\u00e9\u00a0\u00bb heading_type=\u00a0\u00bbh4&Prime; box_icon_type=\u00a0\u00bbicon\u00a0\u00bb box_icon=\u00a0\u00bbcmsmasters-icon-thumbs-up-3&Prime; box_icon_size=\u00a0\u00bb30&Prime; box_icon_space=\u00a0\u00bb50&Prime; box_icon_border_width=\u00a0\u00bb0&Prime; box_icon_border_radius=\u00a0\u00bb50%\u00a0\u00bb box_icon_color=\u00a0\u00bb#fcfcfc\u00a0\u00bb box_icon_bg_color=\u00a0\u00bb#270ca0&Prime; box_icon_bd_color=\u00a0\u00bb#fcfcfc\u00a0\u00bb box_border_width=\u00a0\u00bb2&Prime; box_border_radius=\u00a0\u00bb 10px; -webkit-border-radius: 10px; -moz-border-radius: 10px;\u00a0\u00bb box_bg_color=\u00a0\u00bb#f2f2f2&Prime; box_bd_color=\u00a0\u00bb#0c399b\u00a0\u00bb button_show=\u00a0\u00bbtrue\u00a0\u00bb button_title=\u00a0\u00bbEn savoir plus\u00a0\u00bb button_target=\u00a0\u00bbself\u00a0\u00bb button_font_weight=\u00a0\u00bbnormal\u00a0\u00bb button_font_style=\u00a0\u00bbnormal\u00a0\u00bb button_border_style=\u00a0\u00bbsolid\u00a0\u00bb animation_delay=\u00a0\u00bb0&Prime;]<\/p>\n<p>Une journ\u00e9e pour dresser un panorama non exhaustif des enjeux li\u00e9s \u00e0 la sant\u00e9. D\u00e9couvrir les gestes qui sauvent, les pand\u00e9mies mondiales, les maladies transmissibles (adaptation selon \u00e2ge), les gestes hygi\u00e9niques, etc&#8230;<\/p>\n<p>[\/cmsmasters_icon_box][\/cmsmasters_column][cmsmasters_column data_width=\u00a0\u00bb1\/4&Prime;][cmsmasters_icon_box box_type=\u00a0\u00bbcmsmasters_icon_box_top\u00a0\u00bb title=\u00a0\u00bbJourn\u00e9e de l\u2032handicap\u00a0\u00bb heading_type=\u00a0\u00bbh4&Prime; box_icon_type=\u00a0\u00bbicon\u00a0\u00bb box_icon=\u00a0\u00bbcmsmasters-icon-thumbs-up-3&Prime; box_icon_size=\u00a0\u00bb30&Prime; box_icon_space=\u00a0\u00bb50&Prime; box_icon_border_width=\u00a0\u00bb0&Prime; box_icon_border_radius=\u00a0\u00bb50%\u00a0\u00bb box_icon_color=\u00a0\u00bb#fcfcfc\u00a0\u00bb box_icon_bg_color=\u00a0\u00bb#270ca0&Prime; box_icon_bd_color=\u00a0\u00bb#fcfcfc\u00a0\u00bb box_border_width=\u00a0\u00bb2&Prime; box_border_radius=\u00a0\u00bb 10px; -webkit-border-radius: 10px; -moz-border-radius: 10px;\u00a0\u00bb box_bg_color=\u00a0\u00bb#f2f2f2&Prime; box_bd_color=\u00a0\u00bb#0c399b\u00a0\u00bb button_show=\u00a0\u00bbtrue\u00a0\u00bb button_title=\u00a0\u00bbEn savoir plus\u00a0\u00bb button_target=\u00a0\u00bbself\u00a0\u00bb button_font_weight=\u00a0\u00bbnormal\u00a0\u00bb button_font_style=\u00a0\u00bbnormal\u00a0\u00bb button_border_style=\u00a0\u00bbsolid\u00a0\u00bb animation_delay=\u00a0\u00bb0&Prime;]<\/p>\n<p>Faire \u00e9voluer le regard sur l\u2019handicap. Encourager l\u2019empathie et l\u2019aide \u00e0 l\u2019autre sans tomber dans la piti\u00e9. Voil\u00e0 quelques objectifs de cette journ\u00e9e comprenant plusieurs ateliers m\u00e9langeant<br \/>\nconf\u00e9rence et activit\u00e9s ludiques p\u00e9dagogiques.<\/p>\n<p>[\/cmsmasters_icon_box][\/cmsmasters_column][\/cmsmasters_row][cmsmasters_row data_width=\u00a0\u00bbboxed\u00a0\u00bb data_padding_left=\u00a0\u00bb3&Prime; data_padding_right=\u00a0\u00bb3&Prime; data_top_style=\u00a0\u00bbdefault\u00a0\u00bb data_bot_style=\u00a0\u00bbdefault\u00a0\u00bb data_color=\u00a0\u00bbdefault\u00a0\u00bb data_bg_position=\u00a0\u00bbtop center\u00a0\u00bb data_bg_repeat=\u00a0\u00bbno-repeat\u00a0\u00bb data_bg_attachment=\u00a0\u00bbscroll\u00a0\u00bb data_bg_size=\u00a0\u00bbcover\u00a0\u00bb data_bg_parallax_ratio=\u00a0\u00bb0.5&Prime; data_padding_top=\u00a0\u00bb0&Prime; data_padding_bottom=\u00a0\u00bb50&Prime;][cmsmasters_column data_width=\u00a0\u00bb1\/4&Prime;][cmsmasters_icon_box box_type=\u00a0\u00bbcmsmasters_icon_box_top\u00a0\u00bb title=\u00a0\u00bbJourn\u00e9e de la paix (21 septembre)\u00a0\u00bb heading_type=\u00a0\u00bbh4&Prime; box_icon_type=\u00a0\u00bbicon\u00a0\u00bb box_icon=\u00a0\u00bbcmsmasters-icon-thumbs-up-3&Prime; box_icon_size=\u00a0\u00bb30&Prime; box_icon_space=\u00a0\u00bb50&Prime; box_icon_border_width=\u00a0\u00bb0&Prime; box_icon_border_radius=\u00a0\u00bb50%\u00a0\u00bb box_icon_color=\u00a0\u00bb#fcfcfc\u00a0\u00bb box_icon_bg_color=\u00a0\u00bb#270ca0&Prime; box_icon_bd_color=\u00a0\u00bb#fcfcfc\u00a0\u00bb box_border_width=\u00a0\u00bb2&Prime; box_border_radius=\u00a0\u00bb 10px; -webkit-border-radius: 10px; -moz-border-radius: 10px;\u00a0\u00bb box_bg_color=\u00a0\u00bb#f2f2f2&Prime; box_bd_color=\u00a0\u00bb#0c399b\u00a0\u00bb button_show=\u00a0\u00bbtrue\u00a0\u00bb button_title=\u00a0\u00bbEn savoir plus\u00a0\u00bb button_target=\u00a0\u00bbself\u00a0\u00bb button_font_weight=\u00a0\u00bbnormal\u00a0\u00bb button_font_style=\u00a0\u00bbnormal\u00a0\u00bb button_border_style=\u00a0\u00bbsolid\u00a0\u00bb animation_delay=\u00a0\u00bb0&Prime;]<\/p>\n<p>Faire prendre conscience de la fragilit\u00e9 de la paix et de l\u2019importance de la pr\u00e9server. Rappeler l\u2019histoire pour ne plus reproduire les m\u00eames erreurs.<\/p>\n<p>[\/cmsmasters_icon_box][\/cmsmasters_column][cmsmasters_column data_width=\u00a0\u00bb1\/4&Prime;][cmsmasters_icon_box box_type=\u00a0\u00bbcmsmasters_icon_box_top\u00a0\u00bb title=\u00a0\u00bbJourn\u00e9e des r\u00e9fugi\u00e9s (20 juin)\u00a0\u00bb heading_type=\u00a0\u00bbh4&Prime; box_icon_type=\u00a0\u00bbicon\u00a0\u00bb box_icon=\u00a0\u00bbcmsmasters-icon-thumbs-up-3&Prime; box_icon_size=\u00a0\u00bb30&Prime; box_icon_space=\u00a0\u00bb50&Prime; box_icon_border_width=\u00a0\u00bb0&Prime; box_icon_border_radius=\u00a0\u00bb50%\u00a0\u00bb box_icon_color=\u00a0\u00bb#fcfcfc\u00a0\u00bb box_icon_bg_color=\u00a0\u00bb#270ca0&Prime; box_icon_bd_color=\u00a0\u00bb#fcfcfc\u00a0\u00bb box_border_width=\u00a0\u00bb2&Prime; box_border_radius=\u00a0\u00bb 10px; -webkit-border-radius: 10px; -moz-border-radius: 10px;\u00a0\u00bb box_bg_color=\u00a0\u00bb#f2f2f2&Prime; box_bd_color=\u00a0\u00bb#0c399b\u00a0\u00bb button_show=\u00a0\u00bbtrue\u00a0\u00bb button_title=\u00a0\u00bbEn savoir plus\u00a0\u00bb button_target=\u00a0\u00bbself\u00a0\u00bb button_font_weight=\u00a0\u00bbnormal\u00a0\u00bb button_font_style=\u00a0\u00bbnormal\u00a0\u00bb button_border_style=\u00a0\u00bbsolid\u00a0\u00bb animation_delay=\u00a0\u00bb0&Prime;]<\/p>\n<p>Se mettre dans la peau des r\u00e9fugi\u00e9s pour permettre une meilleure compr\u00e9hension et une meilleure tol\u00e9rance vis-\u00e0-vis des personnes ayant d\u00fb fuir leur terre natale.<\/p>\n<p>[\/cmsmasters_icon_box][\/cmsmasters_column][cmsmasters_column data_width=\u00a0\u00bb1\/4&Prime;][cmsmasters_icon_box box_type=\u00a0\u00bbcmsmasters_icon_box_top\u00a0\u00bb title=\u00a0\u00bbJourn\u00e9e des d\u00e9fis plan\u00e9taires\u00a0\u00bb heading_type=\u00a0\u00bbh4&Prime; box_icon_type=\u00a0\u00bbicon\u00a0\u00bb box_icon=\u00a0\u00bbcmsmasters-icon-thumbs-up-3&Prime; box_icon_size=\u00a0\u00bb30&Prime; box_icon_space=\u00a0\u00bb50&Prime; box_icon_border_width=\u00a0\u00bb0&Prime; box_icon_border_radius=\u00a0\u00bb50%\u00a0\u00bb box_icon_color=\u00a0\u00bb#fcfcfc\u00a0\u00bb box_icon_bg_color=\u00a0\u00bb#270ca0&Prime; box_icon_bd_color=\u00a0\u00bb#fcfcfc\u00a0\u00bb box_border_width=\u00a0\u00bb2&Prime; box_border_radius=\u00a0\u00bb 10px; -webkit-border-radius: 10px; -moz-border-radius: 10px;\u00a0\u00bb box_bg_color=\u00a0\u00bb#f2f2f2&Prime; box_bd_color=\u00a0\u00bb#0c399b\u00a0\u00bb button_show=\u00a0\u00bbtrue\u00a0\u00bb button_title=\u00a0\u00bbEn savoir plus\u00a0\u00bb button_target=\u00a0\u00bbself\u00a0\u00bb button_font_weight=\u00a0\u00bbnormal\u00a0\u00bb button_font_style=\u00a0\u00bbnormal\u00a0\u00bb button_border_style=\u00a0\u00bbsolid\u00a0\u00bb animation_delay=\u00a0\u00bb0&Prime;]<\/p>\n<p>La terre est ronde mais tout ne tourne malheureusement pas toujours rond sur la terre. Les d\u00e9fis \u00e0 relever sont nombreux et chaque individu a un r\u00f4le \u00e0 jouer pour y faire face.<\/p>\n<p>[\/cmsmasters_icon_box][\/cmsmasters_column][cmsmasters_column data_width=\u00a0\u00bb1\/4&Prime;][cmsmasters_icon_box box_type=\u00a0\u00bbcmsmasters_icon_box_top\u00a0\u00bb title=\u00a0\u00bbJourn\u00e9e de la d\u00e9couverte du monde\u00a0\u00bb heading_type=\u00a0\u00bbh4&Prime; box_icon_type=\u00a0\u00bbicon\u00a0\u00bb box_icon=\u00a0\u00bbcmsmasters-icon-thumbs-up-3&Prime; box_icon_size=\u00a0\u00bb30&Prime; box_icon_space=\u00a0\u00bb50&Prime; box_icon_border_width=\u00a0\u00bb0&Prime; box_icon_border_radius=\u00a0\u00bb50%\u00a0\u00bb box_icon_color=\u00a0\u00bb#fcfcfc\u00a0\u00bb box_icon_bg_color=\u00a0\u00bb#270ca0&Prime; box_icon_bd_color=\u00a0\u00bb#fcfcfc\u00a0\u00bb box_border_width=\u00a0\u00bb2&Prime; box_border_radius=\u00a0\u00bb 10px; -webkit-border-radius: 10px; -moz-border-radius: 10px;\u00a0\u00bb box_bg_color=\u00a0\u00bb#f2f2f2&Prime; box_bd_color=\u00a0\u00bb#0c399b\u00a0\u00bb button_show=\u00a0\u00bbtrue\u00a0\u00bb button_title=\u00a0\u00bbEn savoir plus\u00a0\u00bb button_target=\u00a0\u00bbself\u00a0\u00bb button_font_weight=\u00a0\u00bbnormal\u00a0\u00bb button_font_style=\u00a0\u00bbnormal\u00a0\u00bb button_border_style=\u00a0\u00bbsolid\u00a0\u00bb animation_delay=\u00a0\u00bb0&Prime;]<\/p>\n<p>Quel int\u00e9r\u00eat y-a-t-il \u00e0 d\u00e9couvrir les autres cultures ? TWAM propose une journ\u00e9e de sensibilisation \u00e0 l\u2019int\u00e9r\u00eat du voyage.<\/p>\n<p>[\/cmsmasters_icon_box][\/cmsmasters_column][\/cmsmasters_row][cmsmasters_row data_width=\u00a0\u00bbboxed\u00a0\u00bb data_padding_left=\u00a0\u00bb3&Prime; data_padding_right=\u00a0\u00bb3&Prime; data_top_style=\u00a0\u00bbdefault\u00a0\u00bb data_bot_style=\u00a0\u00bbdefault\u00a0\u00bb data_color=\u00a0\u00bbdefault\u00a0\u00bb data_bg_position=\u00a0\u00bbtop center\u00a0\u00bb data_bg_repeat=\u00a0\u00bbno-repeat\u00a0\u00bb data_bg_attachment=\u00a0\u00bbscroll\u00a0\u00bb data_bg_size=\u00a0\u00bbcover\u00a0\u00bb data_bg_parallax_ratio=\u00a0\u00bb0.5&Prime; data_padding_top=\u00a0\u00bb0&Prime; data_padding_bottom=\u00a0\u00bb50&Prime;][cmsmasters_column data_width=\u00a0\u00bb1\/4&Prime;][cmsmasters_icon_box box_type=\u00a0\u00bbcmsmasters_icon_box_top\u00a0\u00bb title=\u00a0\u00bbJourn\u00e9e de l\u2032engagement\u00a0\u00bb heading_type=\u00a0\u00bbh4&Prime; box_icon_type=\u00a0\u00bbicon\u00a0\u00bb box_icon=\u00a0\u00bbcmsmasters-icon-thumbs-up-3&Prime; box_icon_size=\u00a0\u00bb30&Prime; box_icon_space=\u00a0\u00bb50&Prime; box_icon_border_width=\u00a0\u00bb0&Prime; box_icon_border_radius=\u00a0\u00bb50%\u00a0\u00bb box_icon_color=\u00a0\u00bb#fcfcfc\u00a0\u00bb box_icon_bg_color=\u00a0\u00bb#270ca0&Prime; box_icon_bd_color=\u00a0\u00bb#fcfcfc\u00a0\u00bb box_border_width=\u00a0\u00bb2&Prime; box_border_radius=\u00a0\u00bb 10px; -webkit-border-radius: 10px; -moz-border-radius: 10px;\u00a0\u00bb box_bg_color=\u00a0\u00bb#f2f2f2&Prime; box_bd_color=\u00a0\u00bb#0c399b\u00a0\u00bb button_show=\u00a0\u00bbtrue\u00a0\u00bb button_title=\u00a0\u00bbEn savoir plus\u00a0\u00bb button_target=\u00a0\u00bbself\u00a0\u00bb button_font_weight=\u00a0\u00bbnormal\u00a0\u00bb button_font_style=\u00a0\u00bbnormal\u00a0\u00bb button_border_style=\u00a0\u00bbsolid\u00a0\u00bb animation_delay=\u00a0\u00bb0&Prime;]<\/p>\n<p>Sensibiliser les jeunes \u00e0 l\u2019engagement en mettant en lumi\u00e8re le parcours d\u2019individus ayant choisi de s\u2019engager pour des causes importantes.<\/p>\n<p>[\/cmsmasters_icon_box][\/cmsmasters_column][cmsmasters_column data_width=\u00a0\u00bb1\/4&Prime;][cmsmasters_icon_box box_type=\u00a0\u00bbcmsmasters_icon_box_top\u00a0\u00bb title=\u00a0\u00bbJourn\u00e9e des droits de la femme\u00a0\u00bb heading_type=\u00a0\u00bbh4&Prime; box_icon_type=\u00a0\u00bbicon\u00a0\u00bb box_icon=\u00a0\u00bbcmsmasters-icon-thumbs-up-3&Prime; box_icon_size=\u00a0\u00bb30&Prime; box_icon_space=\u00a0\u00bb50&Prime; box_icon_border_width=\u00a0\u00bb0&Prime; box_icon_border_radius=\u00a0\u00bb50%\u00a0\u00bb box_icon_color=\u00a0\u00bb#fcfcfc\u00a0\u00bb box_icon_bg_color=\u00a0\u00bb#270ca0&Prime; box_icon_bd_color=\u00a0\u00bb#fcfcfc\u00a0\u00bb box_border_width=\u00a0\u00bb2&Prime; box_border_radius=\u00a0\u00bb 10px; -webkit-border-radius: 10px; -moz-border-radius: 10px;\u00a0\u00bb box_bg_color=\u00a0\u00bb#f2f2f2&Prime; box_bd_color=\u00a0\u00bb#0c399b\u00a0\u00bb button_show=\u00a0\u00bbtrue\u00a0\u00bb button_title=\u00a0\u00bbEn savoir plus\u00a0\u00bb button_target=\u00a0\u00bbself\u00a0\u00bb button_font_weight=\u00a0\u00bbnormal\u00a0\u00bb button_font_style=\u00a0\u00bbnormal\u00a0\u00bb button_border_style=\u00a0\u00bbsolid\u00a0\u00bb animation_delay=\u00a0\u00bb0&Prime;]<\/p>\n<p>D\u00e9couvrir la condition de la femme \u00e0 travers le monde et sensibiliser \u00e0 l\u2019\u00e9galit\u00e9 des sexes.<\/p>\n<p>[\/cmsmasters_icon_box][\/cmsmasters_column][cmsmasters_column data_width=\u00a0\u00bb1\/4&Prime;][cmsmasters_icon_box box_type=\u00a0\u00bbcmsmasters_icon_box_top\u00a0\u00bb title=\u00a0\u00bbJourn\u00e9e de l\u2032environnement\u00a0\u00bb heading_type=\u00a0\u00bbh4&Prime; box_icon_type=\u00a0\u00bbicon\u00a0\u00bb box_icon=\u00a0\u00bbcmsmasters-icon-thumbs-up-3&Prime; box_icon_size=\u00a0\u00bb30&Prime; box_icon_space=\u00a0\u00bb50&Prime; box_icon_border_width=\u00a0\u00bb0&Prime; box_icon_border_radius=\u00a0\u00bb50%\u00a0\u00bb box_icon_color=\u00a0\u00bb#fcfcfc\u00a0\u00bb box_icon_bg_color=\u00a0\u00bb#270ca0&Prime; box_icon_bd_color=\u00a0\u00bb#fcfcfc\u00a0\u00bb box_border_width=\u00a0\u00bb2&Prime; box_border_radius=\u00a0\u00bb 10px; -webkit-border-radius: 10px; -moz-border-radius: 10px;\u00a0\u00bb box_bg_color=\u00a0\u00bb#f2f2f2&Prime; box_bd_color=\u00a0\u00bb#0c399b\u00a0\u00bb button_show=\u00a0\u00bbtrue\u00a0\u00bb button_title=\u00a0\u00bbEn savoir plus\u00a0\u00bb button_target=\u00a0\u00bbself\u00a0\u00bb button_font_weight=\u00a0\u00bbnormal\u00a0\u00bb button_font_style=\u00a0\u00bbnormal\u00a0\u00bb button_border_style=\u00a0\u00bbsolid\u00a0\u00bb animation_delay=\u00a0\u00bb0&Prime;]<\/p>\n<p>Une journ\u00e9e pour sensibiliser \u00e0 la protection de notre belle plan\u00e8te, \u00e0 la biodiversit\u00e9 et au d\u00e9veloppement durable.<\/p>\n<p>[\/cmsmasters_icon_box][\/cmsmasters_column][cmsmasters_column data_width=\u00a0\u00bb1\/4&Prime;][cmsmasters_icon_box box_type=\u00a0\u00bbcmsmasters_icon_box_top\u00a0\u00bb title=\u00a0\u00bbJourn\u00e9es de la non-violence, du respect et de la citoyennet\u00e9,\u00a0\u00bb heading_type=\u00a0\u00bbh4&Prime; box_icon_type=\u00a0\u00bbicon\u00a0\u00bb box_icon=\u00a0\u00bbcmsmasters-icon-thumbs-up-3&Prime; box_icon_size=\u00a0\u00bb30&Prime; box_icon_space=\u00a0\u00bb50&Prime; box_icon_border_width=\u00a0\u00bb0&Prime; box_icon_border_radius=\u00a0\u00bb50%\u00a0\u00bb box_icon_color=\u00a0\u00bb#fcfcfc\u00a0\u00bb box_icon_bg_color=\u00a0\u00bb#270ca0&Prime; box_icon_bd_color=\u00a0\u00bb#fcfcfc\u00a0\u00bb box_border_width=\u00a0\u00bb2&Prime; box_border_radius=\u00a0\u00bb 10px; -webkit-border-radius: 10px; -moz-border-radius: 10px;\u00a0\u00bb box_bg_color=\u00a0\u00bb#f2f2f2&Prime; box_bd_color=\u00a0\u00bb#0c399b\u00a0\u00bb button_show=\u00a0\u00bbtrue\u00a0\u00bb button_title=\u00a0\u00bbEn savoir plus\u00a0\u00bb button_target=\u00a0\u00bbself\u00a0\u00bb button_font_weight=\u00a0\u00bbnormal\u00a0\u00bb button_font_style=\u00a0\u00bbnormal\u00a0\u00bb button_border_style=\u00a0\u00bbsolid\u00a0\u00bb animation_delay=\u00a0\u00bb0&Prime;]<\/p>\n<p>Une journ\u00e9e pour sensibiliser vos jeunes \u00e0 ces th\u00e9matiques importantes.<\/p>\n<p>[\/cmsmasters_icon_box][\/cmsmasters_column][\/cmsmasters_row][cmsmasters_row data_width=\u00a0\u00bbboxed\u00a0\u00bb data_padding_left=\u00a0\u00bb3&Prime; data_padding_right=\u00a0\u00bb3&Prime; data_top_style=\u00a0\u00bbdefault\u00a0\u00bb data_bot_style=\u00a0\u00bbdefault\u00a0\u00bb data_color=\u00a0\u00bbdefault\u00a0\u00bb data_bg_position=\u00a0\u00bbtop center\u00a0\u00bb data_bg_repeat=\u00a0\u00bbno-repeat\u00a0\u00bb data_bg_attachment=\u00a0\u00bbscroll\u00a0\u00bb data_bg_size=\u00a0\u00bbcover\u00a0\u00bb data_bg_parallax_ratio=\u00a0\u00bb0.5&Prime; data_padding_top=\u00a0\u00bb0&Prime; data_padding_bottom=\u00a0\u00bb50&Prime;][cmsmasters_column data_width=\u00a0\u00bb1\/1&Prime;][cmsmasters_icon_box box_type=\u00a0\u00bbcmsmasters_icon_box_top\u00a0\u00bb title=\u00a0\u00bbOlympiades solidaires\u00a0\u00bb heading_type=\u00a0\u00bbh4&Prime; box_icon_type=\u00a0\u00bbicon\u00a0\u00bb box_icon=\u00a0\u00bbcmsmasters-icon-thumbs-up-3&Prime; box_icon_size=\u00a0\u00bb30&Prime; box_icon_space=\u00a0\u00bb50&Prime; box_icon_border_width=\u00a0\u00bb0&Prime; box_icon_border_radius=\u00a0\u00bb50%\u00a0\u00bb box_icon_color=\u00a0\u00bb#fcfcfc\u00a0\u00bb box_icon_bg_color=\u00a0\u00bb#270ca0&Prime; box_icon_bd_color=\u00a0\u00bb#fcfcfc\u00a0\u00bb box_border_width=\u00a0\u00bb2&Prime; box_border_radius=\u00a0\u00bb 10px; -webkit-border-radius: 10px; -moz-border-radius: 10px;\u00a0\u00bb box_bg_color=\u00a0\u00bb#f2f2f2&Prime; box_bd_color=\u00a0\u00bb#0c399b\u00a0\u00bb button_show=\u00a0\u00bbtrue\u00a0\u00bb button_title=\u00a0\u00bbEn savoir plus\u00a0\u00bb button_target=\u00a0\u00bbself\u00a0\u00bb button_font_weight=\u00a0\u00bbnormal\u00a0\u00bb button_font_style=\u00a0\u00bbnormal\u00a0\u00bb button_border_style=\u00a0\u00bbsolid\u00a0\u00bb animation_delay=\u00a0\u00bb0&Prime;]<\/p>\n<p>Des jeux olympiques o\u00f9 les \u00e9quipes int\u00e9grent selon les cas des personnes malades\/d\u00e9favoris\u00e9es\/handicap\u00e9es\/r\u00e9fugi\u00e9es.<\/p>\n<p>[\/cmsmasters_icon_box][\/cmsmasters_column][\/cmsmasters_row]\n","protected":false},"excerpt":{"rendered":"<p>[cmsmasters_row data_padding_bottom=\u00a0\u00bb400&Prime; data_padding_top=\u00a0\u00bb400&Prime; data_bg_size=\u00a0\u00bbcover\u00a0\u00bb data_bg_attachment=\u00a0\u00bbscroll\u00a0\u00bb data_bg_repeat=\u00a0\u00bbno-repeat\u00a0\u00bb data_bg_position=\u00a0\u00bbtop center\u00a0\u00bb data_bg_img=\u00a0\u00bb7371|https:\/\/www.travelwithamission.org\/wp-content\/uploads\/sites\/3\/2018\/08\/planete-300&#215;225.jpg|medium\u00a0\u00bb data_bg_color=\u00a0\u00bb#ffffff\u00a0\u00bb data_color=\u00a0\u00bbdefault\u00a0\u00bb data_bot_style=\u00a0\u00bbdefault\u00a0\u00bb data_top_style=\u00a0\u00bbdefault\u00a0\u00bb data_width=\u00a0\u00bbboxed\u00a0\u00bb][cmsmasters_column data_width=\u00a0\u00bb1\/1&Prime;][cmsmasters_heading type=\u00a0\u00bbh1&Prime; font_size=\u00a0\u00bb70&Prime; line_height=\u00a0\u00bb100&Prime; tablet_check=\u00a0\u00bbtrue\u00a0\u00bb tablet_font_size=\u00a0\u00bb52&Prime; font_weight=\u00a0\u00bb300&Prime; font_style=\u00a0\u00bbnormal\u00a0\u00bb text_align=\u00a0\u00bbcenter\u00a0\u00bb color=\u00a0\u00bb#f7f7f7&Prime; bg_color=\u00a0\u00bb#0f0f0f\u00a0\u00bb margin_top=\u00a0\u00bb0&Prime; margin_bottom=\u00a0\u00bb0&Prime; animation_delay=\u00a0\u00bb0&Prime;]JOURN\u00c9ES DE SENSIBILISATION[\/cmsmasters_heading][\/cmsmasters_column][\/cmsmasters_row][cmsmasters_row&#8230;<\/p>\n","protected":false},"author":1,"featured_media":0,"parent":0,"menu_order":0,"comment_status":"closed","ping_status":"closed","template":"","meta":{"footnotes":""},"class_list":["post-7385","page","type-page","status-publish","hentry"],"yoast_head":"<!-- This site is optimized with the Yoast SEO Premium plugin v20.12 (Yoast SEO v27.5) - https:\/\/yoast.com\/product\/yoast-seo-premium-wordpress\/ -->\n<title>JOURN\u00c9ES DE SENSIBILISATION - Association TWAM<\/title>\n<meta name=\"robots\" content=\"index, follow, max-snippet:-1, max-image-preview:large, max-video-preview:-1\" \/>\n<link rel=\"canonical\" href=\"https:\/\/www.travelwithamission.org\/en\/journees-de-sensibilisation\/\" \/>\n<meta property=\"og:locale\" content=\"en_US\" \/>\n<meta property=\"og:type\" content=\"article\" \/>\n<meta property=\"og:title\" content=\"JOURN\u00c9ES DE SENSIBILISATION\" \/>\n<meta property=\"og:description\" content=\"[cmsmasters_row data_padding_bottom=\u00a0\u00bb400&Prime; data_padding_top=\u00a0\u00bb400&Prime; data_bg_size=\u00a0\u00bbcover\u00a0\u00bb data_bg_attachment=\u00a0\u00bbscroll\u00a0\u00bb data_bg_repeat=\u00a0\u00bbno-repeat\u00a0\u00bb data_bg_position=\u00a0\u00bbtop center\u00a0\u00bb data_bg_img=\u00a0\u00bb7371|https:\/\/www.travelwithamission.org\/wp-content\/uploads\/sites\/3\/2018\/08\/planete-300&#215;225.jpg|medium\u00a0\u00bb data_bg_color=\u00a0\u00bb#ffffff\u00a0\u00bb data_color=\u00a0\u00bbdefault\u00a0\u00bb data_bot_style=\u00a0\u00bbdefault\u00a0\u00bb data_top_style=\u00a0\u00bbdefault\u00a0\u00bb data_width=\u00a0\u00bbboxed\u00a0\u00bb][cmsmasters_column data_width=\u00a0\u00bb1\/1&Prime;][cmsmasters_heading type=\u00a0\u00bbh1&Prime; font_size=\u00a0\u00bb70&Prime; line_height=\u00a0\u00bb100&Prime; tablet_check=\u00a0\u00bbtrue\u00a0\u00bb tablet_font_size=\u00a0\u00bb52&Prime; font_weight=\u00a0\u00bb300&Prime; font_style=\u00a0\u00bbnormal\u00a0\u00bb text_align=\u00a0\u00bbcenter\u00a0\u00bb color=\u00a0\u00bb#f7f7f7&Prime; bg_color=\u00a0\u00bb#0f0f0f\u00a0\u00bb margin_top=\u00a0\u00bb0&Prime; margin_bottom=\u00a0\u00bb0&Prime; animation_delay=\u00a0\u00bb0&Prime;]JOURN\u00c9ES DE SENSIBILISATION[\/cmsmasters_heading][\/cmsmasters_column][\/cmsmasters_row][cmsmasters_row...\" \/>\n<meta property=\"og:url\" content=\"https:\/\/www.travelwithamission.org\/en\/journees-de-sensibilisation\/\" \/>\n<meta property=\"og:site_name\" content=\"Association TWAM\" \/>\n<meta name=\"twitter:card\" content=\"summary_large_image\" \/>\n<meta name=\"twitter:label1\" content=\"Est. reading time\" \/>\n\t<meta name=\"twitter:data1\" content=\"12 minutes\" \/>\n<script type=\"application\/ld+json\" class=\"yoast-schema-graph\">{\"@context\":\"https:\\\/\\\/schema.org\",\"@graph\":[{\"@type\":\"WebPage\",\"@id\":\"https:\\\/\\\/www.travelwithamission.org\\\/journees-de-sensibilisation\\\/\",\"url\":\"https:\\\/\\\/www.travelwithamission.org\\\/journees-de-sensibilisation\\\/\",\"name\":\"JOURN\u00c9ES DE SENSIBILISATION - Association TWAM\",\"isPartOf\":{\"@id\":\"https:\\\/\\\/www.travelwithamission.org\\\/#website\"},\"datePublished\":\"2018-08-24T19:49:07+00:00\",\"breadcrumb\":{\"@id\":\"https:\\\/\\\/www.travelwithamission.org\\\/journees-de-sensibilisation\\\/#breadcrumb\"},\"inLanguage\":\"en-US\",\"potentialAction\":[{\"@type\":\"ReadAction\",\"target\":[\"https:\\\/\\\/www.travelwithamission.org\\\/journees-de-sensibilisation\\\/\"]}]},{\"@type\":\"BreadcrumbList\",\"@id\":\"https:\\\/\\\/www.travelwithamission.org\\\/journees-de-sensibilisation\\\/#breadcrumb\",\"itemListElement\":[{\"@type\":\"ListItem\",\"position\":1,\"name\":\"Home\",\"item\":\"https:\\\/\\\/www.travelwithamission.org\\\/\"},{\"@type\":\"ListItem\",\"position\":2,\"name\":\"JOURN\u00c9ES DE SENSIBILISATION\"}]},{\"@type\":\"WebSite\",\"@id\":\"https:\\\/\\\/www.travelwithamission.org\\\/#website\",\"url\":\"https:\\\/\\\/www.travelwithamission.org\\\/\",\"name\":\"Association TWAM\",\"description\":\"Construire un monde meilleure, ensemble !\",\"potentialAction\":[{\"@type\":\"SearchAction\",\"target\":{\"@type\":\"EntryPoint\",\"urlTemplate\":\"https:\\\/\\\/www.travelwithamission.org\\\/?s={search_term_string}\"},\"query-input\":{\"@type\":\"PropertyValueSpecification\",\"valueRequired\":true,\"valueName\":\"search_term_string\"}}],\"inLanguage\":\"en-US\"}]}<\/script>\n<!-- \/ Yoast SEO Premium plugin. -->","yoast_head_json":{"title":"JOURN\u00c9ES DE SENSIBILISATION - Association TWAM","robots":{"index":"index","follow":"follow","max-snippet":"max-snippet:-1","max-image-preview":"max-image-preview:large","max-video-preview":"max-video-preview:-1"},"canonical":"https:\/\/www.travelwithamission.org\/en\/journees-de-sensibilisation\/","og_locale":"en_US","og_type":"article","og_title":"JOURN\u00c9ES DE SENSIBILISATION","og_description":"[cmsmasters_row data_padding_bottom=\u00a0\u00bb400&Prime; data_padding_top=\u00a0\u00bb400&Prime; data_bg_size=\u00a0\u00bbcover\u00a0\u00bb data_bg_attachment=\u00a0\u00bbscroll\u00a0\u00bb data_bg_repeat=\u00a0\u00bbno-repeat\u00a0\u00bb data_bg_position=\u00a0\u00bbtop center\u00a0\u00bb data_bg_img=\u00a0\u00bb7371|https:\/\/www.travelwithamission.org\/wp-content\/uploads\/sites\/3\/2018\/08\/planete-300&#215;225.jpg|medium\u00a0\u00bb data_bg_color=\u00a0\u00bb#ffffff\u00a0\u00bb data_color=\u00a0\u00bbdefault\u00a0\u00bb data_bot_style=\u00a0\u00bbdefault\u00a0\u00bb data_top_style=\u00a0\u00bbdefault\u00a0\u00bb data_width=\u00a0\u00bbboxed\u00a0\u00bb][cmsmasters_column data_width=\u00a0\u00bb1\/1&Prime;][cmsmasters_heading type=\u00a0\u00bbh1&Prime; font_size=\u00a0\u00bb70&Prime; line_height=\u00a0\u00bb100&Prime; tablet_check=\u00a0\u00bbtrue\u00a0\u00bb tablet_font_size=\u00a0\u00bb52&Prime; font_weight=\u00a0\u00bb300&Prime; font_style=\u00a0\u00bbnormal\u00a0\u00bb text_align=\u00a0\u00bbcenter\u00a0\u00bb color=\u00a0\u00bb#f7f7f7&Prime; bg_color=\u00a0\u00bb#0f0f0f\u00a0\u00bb margin_top=\u00a0\u00bb0&Prime; margin_bottom=\u00a0\u00bb0&Prime; animation_delay=\u00a0\u00bb0&Prime;]JOURN\u00c9ES DE SENSIBILISATION[\/cmsmasters_heading][\/cmsmasters_column][\/cmsmasters_row][cmsmasters_row...","og_url":"https:\/\/www.travelwithamission.org\/en\/journees-de-sensibilisation\/","og_site_name":"Association TWAM","twitter_card":"summary_large_image","twitter_misc":{"Est. reading time":"12 minutes"},"schema":{"@context":"https:\/\/schema.org","@graph":[{"@type":"WebPage","@id":"https:\/\/www.travelwithamission.org\/journees-de-sensibilisation\/","url":"https:\/\/www.travelwithamission.org\/journees-de-sensibilisation\/","name":"JOURN\u00c9ES DE SENSIBILISATION - Association TWAM","isPartOf":{"@id":"https:\/\/www.travelwithamission.org\/#website"},"datePublished":"2018-08-24T19:49:07+00:00","breadcrumb":{"@id":"https:\/\/www.travelwithamission.org\/journees-de-sensibilisation\/#breadcrumb"},"inLanguage":"en-US","potentialAction":[{"@type":"ReadAction","target":["https:\/\/www.travelwithamission.org\/journees-de-sensibilisation\/"]}]},{"@type":"BreadcrumbList","@id":"https:\/\/www.travelwithamission.org\/journees-de-sensibilisation\/#breadcrumb","itemListElement":[{"@type":"ListItem","position":1,"name":"Home","item":"https:\/\/www.travelwithamission.org\/"},{"@type":"ListItem","position":2,"name":"JOURN\u00c9ES DE SENSIBILISATION"}]},{"@type":"WebSite","@id":"https:\/\/www.travelwithamission.org\/#website","url":"https:\/\/www.travelwithamission.org\/","name":"Association TWAM","description":"Construire un monde meilleure, ensemble !","potentialAction":[{"@type":"SearchAction","target":{"@type":"EntryPoint","urlTemplate":"https:\/\/www.travelwithamission.org\/?s={search_term_string}"},"query-input":{"@type":"PropertyValueSpecification","valueRequired":true,"valueName":"search_term_string"}}],"inLanguage":"en-US"}]}},"_links":{"self":[{"href":"https:\/\/www.travelwithamission.org\/en\/wp-json\/wp\/v2\/pages\/7385","targetHints":{"allow":["GET"]}}],"collection":[{"href":"https:\/\/www.travelwithamission.org\/en\/wp-json\/wp\/v2\/pages"}],"about":[{"href":"https:\/\/www.travelwithamission.org\/en\/wp-json\/wp\/v2\/types\/page"}],"author":[{"embeddable":true,"href":"https:\/\/www.travelwithamission.org\/en\/wp-json\/wp\/v2\/users\/1"}],"replies":[{"embeddable":true,"href":"https:\/\/www.travelwithamission.org\/en\/wp-json\/wp\/v2\/comments?post=7385"}],"version-history":[{"count":19,"href":"https:\/\/www.travelwithamission.org\/en\/wp-json\/wp\/v2\/pages\/7385\/revisions"}],"predecessor-version":[{"id":7404,"href":"https:\/\/www.travelwithamission.org\/en\/wp-json\/wp\/v2\/pages\/7385\/revisions\/7404"}],"wp:attachment":[{"href":"https:\/\/www.travelwithamission.org\/en\/wp-json\/wp\/v2\/media?parent=7385"}],"curies":[{"name":"wp","href":"https:\/\/api.w.org\/{rel}","templated":true}]}}